{"id":718,"date":"2023-07-31T14:18:55","date_gmt":"2023-07-31T12:18:55","guid":{"rendered":"https:\/\/cygycbiocon.com\/responsabilitat\/"},"modified":"2023-10-04T13:06:04","modified_gmt":"2023-10-04T11:06:04","slug":"responsabilitat","status":"publish","type":"page","link":"https:\/\/cygycbiocon.com\/ca\/responsabilitat\/","title":{"rendered":"Responsabilitat"},"content":{"rendered":"<section class=\"wpb-content-wrapper\"><p>[vc_row unlock_row_content=&#8221;yes&#8221; row_height_percent=&#8221;0&#8243; override_padding=&#8221;yes&#8221; h_padding=&#8221;0&#8243; top_padding=&#8221;4&#8243; bottom_padding=&#8221;4&#8243; overlay_alpha=&#8221;100&#8243; gutter_size=&#8221;3&#8243; column_width_percent=&#8221;100&#8243; shift_y=&#8221;0&#8243; z_index=&#8221;0&#8243; uncode_shortcode_id=&#8221;186362&#8243; back_color_type=&#8221;uncode-gradient&#8221; overlay_color_type=&#8221;uncode-gradient&#8221; overlay_color_gradient=&#8221;{&#8220;css&#8220;:&#8220;background: radial-gradient(circle at left bottom , rgb(27, 46, 125) , rgba(255, 255, 255, 0) 51%);&#8220;,&#8220;sliders&#8220;:`{`{&#8220;color&#8220;:&#8220;rgb(27, 46, 125)&#8220;,&#8220;position&#8220;:0},{&#8220;color&#8220;:&#8220;rgba(255, 255, 255, 0)&#8220;,&#8220;position&#8220;:51}`}`,&#8220;type&#8220;:&#8220;circle&#8220;,&#8220;direction&#8220;:&#8220;left bottom&#8220;}&#8221; back_color_gradient=&#8221;{&#8220;css&#8220;:&#8220;background: linear-gradient(to right , rgb(0, 58, 45) , rgb(0, 205, 181) 71%);&#8220;,&#8220;sliders&#8220;:`{`{&#8220;color&#8220;:&#8220;rgb(0, 58, 45)&#8220;,&#8220;position&#8220;:0},{&#8220;color&#8220;:&#8220;rgb(0, 205, 181)&#8220;,&#8220;position&#8220;:71}`}`,&#8220;type&#8220;:&#8220;linear&#8220;,&#8220;direction&#8220;:&#8220;left&#8220;}&#8221;][vc_column column_width_percent=&#8221;100&#8243; gutter_size=&#8221;3&#8243; style=&#8221;dark&#8221; overlay_alpha=&#8221;50&#8243; shift_x=&#8221;0&#8243; shift_y=&#8221;0&#8243; shift_y_down=&#8221;0&#8243; z_index=&#8221;0&#8243; medium_width=&#8221;0&#8243; mobile_width=&#8221;0&#8243; width=&#8221;1\/1&#8243; uncode_shortcode_id=&#8221;202003&#8243;][vc_row_inner row_inner_height_percent=&#8221;0&#8243; overlay_alpha=&#8221;50&#8243; gutter_size=&#8221;3&#8243; shift_y=&#8221;0&#8243; z_index=&#8221;1&#8243; uncode_shortcode_id=&#8221;879508&#8243; css=&#8221;.vc_custom_1693313549398{border-right-width: 36px !important;padding-left: 36px !important;}&#8221;][vc_column_inner column_width_percent=&#8221;100&#8243; gutter_size=&#8221;3&#8243; style=&#8221;dark&#8221; overlay_alpha=&#8221;50&#8243; shift_x=&#8221;0&#8243; shift_y=&#8221;0&#8243; shift_y_down=&#8221;0&#8243; z_index=&#8221;0&#8243; medium_width=&#8221;0&#8243; mobile_width=&#8221;0&#8243; width=&#8221;1\/2&#8243; uncode_shortcode_id=&#8221;151922&#8243;][vc_custom_heading heading_semantic=&#8221;h6&#8243; text_size=&#8221;&#8221; text_weight=&#8221;400&#8243; text_transform=&#8221;capitalize&#8221; uncode_shortcode_id=&#8221;139630&#8243;]Responsabilitat[\/vc_custom_heading][vc_custom_heading heading_semantic=&#8221;h1&#8243; separator=&#8221;yes&#8221; css_animation=&#8221;curtain-words&#8221; uncode_shortcode_id=&#8221;108403&#8243; el_class=&#8221;mt-sm&#8221;]Triple impacte: ambiental, social i econ\u00f2mic[\/vc_custom_heading][\/vc_column_inner][vc_column_inner width=&#8221;1\/2&#8243;][\/vc_column_inner][\/vc_row_inner][vc_row_inner row_inner_height_percent=&#8221;0&#8243; overlay_alpha=&#8221;50&#8243; gutter_size=&#8221;3&#8243; shift_y=&#8221;0&#8243; z_index=&#8221;0&#8243; uncode_shortcode_id=&#8221;127820&#8243;][vc_column_inner width=&#8221;4\/12&#8243;][\/vc_column_inner][vc_column_inner column_width_percent=&#8221;100&#8243; gutter_size=&#8221;3&#8243; overlay_alpha=&#8221;50&#8243; shift_x=&#8221;0&#8243; shift_y=&#8221;-5&#8243; shift_y_down=&#8221;0&#8243; z_index=&#8221;0&#8243; medium_width=&#8221;0&#8243; mobile_width=&#8221;0&#8243; parallax_intensity=&#8221;3&#8243; parallax_centered=&#8221;yes&#8221; width=&#8221;8\/12&#8243; uncode_shortcode_id=&#8221;880061&#8243;][vc_single_image media=&#8221;327&#8243; media_width_percent=&#8221;100&#8243; uncode_shortcode_id=&#8221;139361&#8243;][\/vc_column_inner][\/vc_row_inner][vc_row_inner row_inner_height_percent=&#8221;0&#8243; overlay_alpha=&#8221;50&#8243; equal_height=&#8221;yes&#8221; gutter_size=&#8221;3&#8243; shift_y=&#8221;0&#8243; z_index=&#8221;0&#8243; uncode_shortcode_id=&#8221;160125&#8243; css=&#8221;.vc_custom_1693388043886{border-right-width: 36px !important;padding-left: 0px !important;}&#8221;][vc_column_inner column_width_percent=&#8221;100&#8243; position_vertical=&#8221;middle&#8221; gutter_size=&#8221;3&#8243; override_padding=&#8221;yes&#8221; column_padding=&#8221;0&#8243; overlay_alpha=&#8221;50&#8243; border_color=&#8221;color-xsdn&#8221; border_style=&#8221;solid&#8221; shift_x=&#8221;0&#8243; shift_y=&#8221;0&#8243; shift_y_down=&#8221;0&#8243; z_index=&#8221;0&#8243; medium_width=&#8221;0&#8243; mobile_visibility=&#8221;yes&#8221; mobile_width=&#8221;0&#8243; css_animation=&#8221;left-t-right&#8221; width=&#8221;2\/12&#8243; uncode_shortcode_id=&#8221;583895&#8243; css=&#8221;.vc_custom_1693389756277{border-right-width: 1px !important;}&#8221; border_color_type=&#8221;uncode-palette&#8221;][vc_separator sep_color=&#8221;color-xsdn&#8221; uncode_shortcode_id=&#8221;321147&#8243; sep_color_type=&#8221;uncode-palette&#8221; el_class=&#8221;mb-0&#8243;][\/vc_column_inner][vc_column_inner column_width_percent=&#8221;100&#8243; gutter_size=&#8221;3&#8243; style=&#8221;dark&#8221; overlay_alpha=&#8221;50&#8243; shift_x=&#8221;0&#8243; shift_y=&#8221;0&#8243; shift_y_down=&#8221;0&#8243; z_index=&#8221;0&#8243; medium_width=&#8221;0&#8243; mobile_width=&#8221;0&#8243; width=&#8221;9\/12&#8243; uncode_shortcode_id=&#8221;602806&#8243; el_class=&#8221;mobile-x-padding&#8221;][vc_custom_heading heading_semantic=&#8221;h3&#8243; text_size=&#8221;h3&#8243; uncode_shortcode_id=&#8221;467069&#8243;]Valorem profundament la import\u00e0ncia de ser conscients de l&#8217;impacte que generem en el m\u00f3n. Reconeixem que les nostres accions tenen repercussions en l&#8217;entorn social, econ\u00f2mic i ambiental, i per aix\u00f2 assumim la responsabilitat de prendre mesures que contribueixin a un futur sostenible.[\/vc_custom_heading][\/vc_column_inner][vc_column_inner width=&#8221;1\/12&#8243;][\/vc_column_inner][\/vc_row_inner][\/vc_column][\/vc_row][vc_row unlock_row_content=&#8221;yes&#8221; row_height_percent=&#8221;0&#8243; override_padding=&#8221;yes&#8221; h_padding=&#8221;0&#8243; top_padding=&#8221;0&#8243; bottom_padding=&#8221;2&#8243; overlay_alpha=&#8221;50&#8243; gutter_size=&#8221;3&#8243; column_width_percent=&#8221;100&#8243; shift_y=&#8221;0&#8243; z_index=&#8221;0&#8243; uncode_shortcode_id=&#8221;511418&#8243;][vc_column column_width_percent=&#8221;100&#8243; gutter_size=&#8221;3&#8243; overlay_alpha=&#8221;50&#8243; shift_x=&#8221;0&#8243; shift_y=&#8221;0&#8243; shift_y_down=&#8221;0&#8243; z_index=&#8221;0&#8243; medium_width=&#8221;0&#8243; mobile_visibility=&#8221;yes&#8221; mobile_width=&#8221;0&#8243; width=&#8221;2\/12&#8243; uncode_shortcode_id=&#8221;142846&#8243;][\/vc_column][vc_column column_width_percent=&#8221;100&#8243; gutter_size=&#8221;3&#8243; overlay_alpha=&#8221;50&#8243; shift_x=&#8221;0&#8243; shift_y=&#8221;0&#8243; shift_y_down=&#8221;0&#8243; z_index=&#8221;0&#8243; medium_width=&#8221;0&#8243; mobile_width=&#8221;0&#8243; width=&#8221;4\/12&#8243; uncode_shortcode_id=&#8221;201307&#8243; el_class=&#8221;mobile-x-padding&#8221;][vc_empty_space empty_h=&#8221;3&#8243;][vc_custom_heading heading_semantic=&#8221;h3&#8243; text_size=&#8221;h4&#8243; text_weight=&#8221;700&#8243; separator=&#8221;yes&#8221; separator_color=&#8221;yes&#8221; uncode_shortcode_id=&#8221;189920&#8243;]Explorem solucions innovadores i sostenibles[\/vc_custom_heading][vc_column_text uncode_shortcode_id=&#8221;181505&#8243;]Ens comprometem activament a integrar pr\u00e0ctiques i pol\u00edtiques que promoguin la sostenibilitat en totes les facetes del nostre negoci. Des de la gesti\u00f3 dels nostres recursos fins a la presa de decisions estrat\u00e8giques, considerem acuradament l&#8217;impacte que aquestes accions poden tenir en el medi ambient, en les comunitats en les quals operem i en la societat en general.<\/p>\n<p>Aix\u00f2 implica adoptar enfocaments innovadors i eficients per a minimitzar la nostra petjada ecol\u00f2gica, fomentar la igualtat i diversitat en el nostre entorn laboral, donar suport a projectes i causes socials rellevants, i col\u00b7laborar amb socis i prove\u00efdors compromesos amb els mateixos valors de sostenibilitat.[\/vc_column_text][\/vc_column][vc_column width=&#8221;6\/12&#8243;][vc_single_image media=&#8221;330&#8243; media_width_percent=&#8221;100&#8243; advanced=&#8221;yes&#8221; media_overlay_color=&#8221;color-849012&#8243; media_overlay_coloration=&#8221;top_gradient&#8221; media_overlay_opacity=&#8221;50&#8243; media_overlay_visible=&#8221;yes&#8221; media_padding=&#8221;2&#8243; css_animation=&#8221;alpha-anim&#8221; animation_speed=&#8221;600&#8243; animation_delay=&#8221;400&#8243; uncode_shortcode_id=&#8221;128525&#8243; media_overlay_color_type=&#8221;uncode-palette&#8221;][vc_row_inner row_inner_height_percent=&#8221;0&#8243; overlay_alpha=&#8221;50&#8243; gutter_size=&#8221;3&#8243; shift_y=&#8221;0&#8243; z_index=&#8221;0&#8243; uncode_shortcode_id=&#8221;189930&#8243; css=&#8221;.vc_custom_1693389942203{padding-right: 36px !important;}&#8221; el_class=&#8221;mobile-x-padding&#8221;][vc_column_inner width=&#8221;1\/2&#8243;][vc_column_text uncode_shortcode_id=&#8221;695904&#8243;]Creiem fermament que en assumir aquesta responsabilitat i actuar de manera conscient, podem marcar una difer\u00e8ncia positiva i contribuir a la construcci\u00f3 d&#8217;un futur m\u00e9s equilibrat i sostenible per a les generacions presents i futures.[\/vc_column_text][\/vc_column_inner][vc_column_inner width=&#8221;1\/2&#8243;][\/vc_column_inner][\/vc_row_inner][\/vc_column][\/vc_row][vc_row row_height_percent=&#8221;0&#8243; override_padding=&#8221;yes&#8221; h_padding=&#8221;2&#8243; top_padding=&#8221;4&#8243; bottom_padding=&#8221;4&#8243; overlay_alpha=&#8221;50&#8243; gutter_size=&#8221;3&#8243; column_width_percent=&#8221;100&#8243; shift_y=&#8221;0&#8243; z_index=&#8221;0&#8243; uncode_shortcode_id=&#8221;196981&#8243;][vc_column width=&#8221;1\/1&#8243;][vc_tabs tab_scrolling=&#8221;yes&#8221; animation_active=&#8221;yes&#8221; typography=&#8221;advanced&#8221; border_100=&#8221;yes&#8221; titles_font=&#8221;font-555555&#8243; titles_weight=&#8221;600&#8243; titles_transform=&#8221;capitalize&#8221; uncode_shortcode_id=&#8221;327715&#8243;][vc_tab gutter_size=&#8221;2&#8243; column_padding=&#8221;2&#8243; title=&#8221;Responsabilitat mediambiental&#8221; tab_id=&#8221;1693393068-1-74&#8243;][vc_row_inner row_inner_height_percent=&#8221;0&#8243; overlay_alpha=&#8221;50&#8243; gutter_size=&#8221;3&#8243; shift_y=&#8221;0&#8243; z_index=&#8221;0&#8243; uncode_shortcode_id=&#8221;129996&#8243;][vc_column_inner width=&#8221;3\/12&#8243;][vc_custom_heading heading_semantic=&#8221;h3&#8243; text_size=&#8221;h4&#8243; text_weight=&#8221;600&#8243; desktop_visibility=&#8221;yes&#8221; medium_visibility=&#8221;yes&#8221; uncode_shortcode_id=&#8221;608536&#8243; el_class=&#8221;mb-md&#8221;]Responsabilitat mediambiental[\/vc_custom_heading][vc_column_text uncode_shortcode_id=&#8221;755228&#8243;]Hem implementat mesures sostenibles per a minimitzar l&#8217;impacte ambiental en totes les operacions. S&#8217;ha treballat en l&#8217;optimitzaci\u00f3 de processos, l&#8217;\u00fas responsable dels recursos naturals i la implementaci\u00f3 de tecnologies i pr\u00e0ctiques de producci\u00f3 m\u00e9s netes.<\/p>\n<p>L&#8217;empresa compta amb certificacions mediambientals i s&#8217;esfor\u00e7a per millorar cont\u00ednuament per a reduir encara m\u00e9s el seu impacte ambiental.[\/vc_column_text][\/vc_column_inner][vc_column_inner width=&#8221;6\/12&#8243;][vc_single_image media=&#8221;334&#8243; media_width_percent=&#8221;100&#8243; uncode_shortcode_id=&#8221;645133&#8243;][\/vc_column_inner][vc_column_inner width=&#8221;3\/12&#8243;][vc_column_text text_lead=&#8221;yes&#8221; uncode_shortcode_id=&#8221;163736&#8243;]Compromesos a protegir i preservar el nostre planeta[\/vc_column_text][\/vc_column_inner][\/vc_row_inner][\/vc_tab][vc_tab gutter_size=&#8221;2&#8243; column_padding=&#8221;2&#8243; title=&#8221;Responsabilitat social&#8221; tab_id=&#8221;1693393068-2-64&#8243;][vc_row_inner][vc_column_inner width=&#8221;3\/12&#8243;][vc_custom_heading heading_semantic=&#8221;h3&#8243; text_size=&#8221;h4&#8243; text_weight=&#8221;600&#8243; desktop_visibility=&#8221;yes&#8221; medium_visibility=&#8221;yes&#8221; uncode_shortcode_id=&#8221;283880&#8243; el_class=&#8221;mb-md&#8221;]Responsabilitat social[\/vc_custom_heading][\/vc_column_inner][vc_column_inner width=&#8221;6\/12&#8243;][vc_single_image media=&#8221;335&#8243; media_width_percent=&#8221;100&#8243; uncode_shortcode_id=&#8221;937345&#8243;][\/vc_column_inner][vc_column_inner width=&#8221;3\/12&#8243;][vc_column_text text_lead=&#8221;yes&#8221; uncode_shortcode_id=&#8221;130866&#8243;]Ens esforcem per contribuir al benestar i desenvolupament de la comunitat[\/vc_column_text][vc_empty_space empty_h=&#8221;3&#8243; mobile_visibility=&#8221;yes&#8221;][vc_column_text uncode_shortcode_id=&#8221;304151&#8243;]Contribu\u00efm al benestar i desenvolupament de la comunitat que ens envolta. Estem compromesos amb la millora de la qualitat de vida de les persones, promovent l&#8217;equitat, la igualtat d&#8217;oportunitats i el desenvolupament sostenible. Creiem en el poder de ser agents de canvi positiu i treballem per a construir un futur millor per a tots.[\/vc_column_text][\/vc_column_inner][\/vc_row_inner][\/vc_tab][vc_tab gutter_size=&#8221;2&#8243; column_padding=&#8221;2&#8243; title=&#8221;Responsabilitat econ\u00f2mica&#8221; tab_id=&#8221;1693393770162-2-3&#8243;][vc_row_inner][vc_column_inner width=&#8221;3\/12&#8243;][vc_custom_heading heading_semantic=&#8221;h3&#8243; text_size=&#8221;h4&#8243; text_weight=&#8221;600&#8243; desktop_visibility=&#8221;yes&#8221; medium_visibility=&#8221;yes&#8221; uncode_shortcode_id=&#8221;142608&#8243; el_class=&#8221;mb-md&#8221;]Responsabilitat econ\u00f2mica[\/vc_custom_heading][vc_column_text text_lead=&#8221;yes&#8221; uncode_shortcode_id=&#8221;203555&#8243;]Mantenim una conducta financera \u00edntegra i transparent[\/vc_column_text][vc_empty_space empty_h=&#8221;3&#8243; mobile_visibility=&#8221;yes&#8221;][vc_column_text uncode_shortcode_id=&#8221;109357&#8243;]Complim amb els m\u00e9s alts est\u00e0ndards d&#8217;\u00e8tica i compliment legal, i ens obstinem per comunicar-nos de manera clara i oberta en totes les nostres activitats financeres. Valorem la confian\u00e7a dipositada en nosaltres i treballem per a mantenir-la a trav\u00e9s d&#8217;una gesti\u00f3 financera responsable i transparent.[\/vc_column_text][\/vc_column_inner][vc_column_inner width=&#8221;6\/12&#8243;][vc_single_image media=&#8221;333&#8243; media_width_percent=&#8221;100&#8243; uncode_shortcode_id=&#8221;780677&#8243;][\/vc_column_inner][vc_column_inner width=&#8221;3\/12&#8243;][\/vc_column_inner][\/vc_row_inner][\/vc_tab][\/vc_tabs][\/vc_column][\/vc_row]<\/p>\n<\/section>","protected":false},"excerpt":{"rendered":"<p>[vc_row unlock_row_content=&#8221;yes&#8221; row_height_percent=&#8221;0&#8243; override_padding=&#8221;yes&#8221; h_padding=&#8221;0&#8243; top_padding=&#8221;4&#8243; bottom_padding=&#8221;4&#8243; overlay_alpha=&#8221;100&#8243; gutter_size=&#8221;3&#8243; column_width_percent=&#8221;100&#8243; shift_y=&#8221;0&#8243; z_index=&#8221;0&#8243; uncode_shortcode_id=&#8221;186362&#8243; back_color_type=&#8221;uncode-gradient&#8221; overlay_color_type=&#8221;uncode-gradient&#8221; overlay_color_gradient=&#8221;{&#8220;css&#8220;:&#8220;background: radial-gradient(circle at left bottom [&hellip;]<\/p>\n","protected":false},"author":1,"featured_media":0,"parent":0,"menu_order":0,"comment_status":"closed","ping_status":"closed","template":"","meta":{"content-type":"","footnotes":""},"class_list":["post-718","page","type-page","status-publish","hentry"],"yoast_head":"<!-- This site is optimized with the Yoast SEO plugin v23.0 - https:\/\/yoast.com\/wordpress\/plugins\/seo\/ -->\n<title>Responsabilitat - CYGYC BIOCON<\/title>\n<meta name=\"robots\" content=\"index, follow, max-snippet:-1, max-image-preview:large, max-video-preview:-1\" \/>\n<link rel=\"canonical\" href=\"https:\/\/cygycbiocon.com\/responsibility\/\" \/>\n<meta property=\"og:locale\" content=\"ca_ES\" \/>\n<meta property=\"og:type\" content=\"article\" \/>\n<meta property=\"og:title\" content=\"Responsabilitat - CYGYC BIOCON\" \/>\n<meta property=\"og:description\" content=\"[vc_row unlock_row_content=&#8221;yes&#8221; row_height_percent=&#8221;0&#8243; override_padding=&#8221;yes&#8221; h_padding=&#8221;0&#8243; top_padding=&#8221;4&#8243; bottom_padding=&#8221;4&#8243; overlay_alpha=&#8221;100&#8243; gutter_size=&#8221;3&#8243; column_width_percent=&#8221;100&#8243; shift_y=&#8221;0&#8243; z_index=&#8221;0&#8243; uncode_shortcode_id=&#8221;186362&#8243; back_color_type=&#8221;uncode-gradient&#8221; overlay_color_type=&#8221;uncode-gradient&#8221; overlay_color_gradient=&#8221;{&#8220;css&#8220;:&#8220;background: radial-gradient(circle at left bottom [&hellip;]\" \/>\n<meta property=\"og:url\" content=\"https:\/\/cygycbiocon.com\/responsibility\/\" \/>\n<meta property=\"og:site_name\" content=\"CYGYC BIOCON\" \/>\n<meta property=\"article:modified_time\" content=\"2023-10-04T11:06:04+00:00\" \/>\n<meta name=\"twitter:card\" content=\"summary_large_image\" \/>\n<meta name=\"twitter:label1\" content=\"Temps estimat de lectura\" \/>\n\t<meta name=\"twitter:data1\" content=\"7 minuts\" \/>\n<script type=\"application\/ld+json\" class=\"yoast-schema-graph\">{\"@context\":\"https:\/\/schema.org\",\"@graph\":[{\"@type\":\"WebPage\",\"@id\":\"https:\/\/cygycbiocon.com\/responsibility\/\",\"url\":\"https:\/\/cygycbiocon.com\/responsibility\/\",\"name\":\"Responsabilitat - CYGYC BIOCON\",\"isPartOf\":{\"@id\":\"https:\/\/cygycbiocon.com\/#website\"},\"datePublished\":\"2023-07-31T12:18:55+00:00\",\"dateModified\":\"2023-10-04T11:06:04+00:00\",\"breadcrumb\":{\"@id\":\"https:\/\/cygycbiocon.com\/responsibility\/#breadcrumb\"},\"inLanguage\":\"ca\",\"potentialAction\":[{\"@type\":\"ReadAction\",\"target\":[\"https:\/\/cygycbiocon.com\/responsibility\/\"]}]},{\"@type\":\"BreadcrumbList\",\"@id\":\"https:\/\/cygycbiocon.com\/responsibility\/#breadcrumb\",\"itemListElement\":[{\"@type\":\"ListItem\",\"position\":1,\"name\":\"Portada\",\"item\":\"https:\/\/cygycbiocon.com\/ca\/\"},{\"@type\":\"ListItem\",\"position\":2,\"name\":\"Responsabilitat\"}]},{\"@type\":\"WebSite\",\"@id\":\"https:\/\/cygycbiocon.com\/#website\",\"url\":\"https:\/\/cygycbiocon.com\/\",\"name\":\"CYGYC BIOCON\",\"description\":\"\",\"potentialAction\":[{\"@type\":\"SearchAction\",\"target\":{\"@type\":\"EntryPoint\",\"urlTemplate\":\"https:\/\/cygycbiocon.com\/?s={search_term_string}\"},\"query-input\":\"required name=search_term_string\"}],\"inLanguage\":\"ca\"}]}<\/script>\n<!-- \/ Yoast SEO plugin. -->","yoast_head_json":{"title":"Responsabilitat - CYGYC BIOCON","robots":{"index":"index","follow":"follow","max-snippet":"max-snippet:-1","max-image-preview":"max-image-preview:large","max-video-preview":"max-video-preview:-1"},"canonical":"https:\/\/cygycbiocon.com\/responsibility\/","og_locale":"ca_ES","og_type":"article","og_title":"Responsabilitat - CYGYC BIOCON","og_description":"[vc_row unlock_row_content=&#8221;yes&#8221; row_height_percent=&#8221;0&#8243; override_padding=&#8221;yes&#8221; h_padding=&#8221;0&#8243; top_padding=&#8221;4&#8243; bottom_padding=&#8221;4&#8243; overlay_alpha=&#8221;100&#8243; gutter_size=&#8221;3&#8243; column_width_percent=&#8221;100&#8243; shift_y=&#8221;0&#8243; z_index=&#8221;0&#8243; uncode_shortcode_id=&#8221;186362&#8243; back_color_type=&#8221;uncode-gradient&#8221; overlay_color_type=&#8221;uncode-gradient&#8221; overlay_color_gradient=&#8221;{&#8220;css&#8220;:&#8220;background: radial-gradient(circle at left bottom [&hellip;]","og_url":"https:\/\/cygycbiocon.com\/responsibility\/","og_site_name":"CYGYC BIOCON","article_modified_time":"2023-10-04T11:06:04+00:00","twitter_card":"summary_large_image","twitter_misc":{"Temps estimat de lectura":"7 minuts"},"schema":{"@context":"https:\/\/schema.org","@graph":[{"@type":"WebPage","@id":"https:\/\/cygycbiocon.com\/responsibility\/","url":"https:\/\/cygycbiocon.com\/responsibility\/","name":"Responsabilitat - CYGYC BIOCON","isPartOf":{"@id":"https:\/\/cygycbiocon.com\/#website"},"datePublished":"2023-07-31T12:18:55+00:00","dateModified":"2023-10-04T11:06:04+00:00","breadcrumb":{"@id":"https:\/\/cygycbiocon.com\/responsibility\/#breadcrumb"},"inLanguage":"ca","potentialAction":[{"@type":"ReadAction","target":["https:\/\/cygycbiocon.com\/responsibility\/"]}]},{"@type":"BreadcrumbList","@id":"https:\/\/cygycbiocon.com\/responsibility\/#breadcrumb","itemListElement":[{"@type":"ListItem","position":1,"name":"Portada","item":"https:\/\/cygycbiocon.com\/ca\/"},{"@type":"ListItem","position":2,"name":"Responsabilitat"}]},{"@type":"WebSite","@id":"https:\/\/cygycbiocon.com\/#website","url":"https:\/\/cygycbiocon.com\/","name":"CYGYC BIOCON","description":"","potentialAction":[{"@type":"SearchAction","target":{"@type":"EntryPoint","urlTemplate":"https:\/\/cygycbiocon.com\/?s={search_term_string}"},"query-input":"required name=search_term_string"}],"inLanguage":"ca"}]}},"_links":{"self":[{"href":"https:\/\/cygycbiocon.com\/ca\/wp-json\/wp\/v2\/pages\/718","targetHints":{"allow":["GET"]}}],"collection":[{"href":"https:\/\/cygycbiocon.com\/ca\/wp-json\/wp\/v2\/pages"}],"about":[{"href":"https:\/\/cygycbiocon.com\/ca\/wp-json\/wp\/v2\/types\/page"}],"author":[{"embeddable":true,"href":"https:\/\/cygycbiocon.com\/ca\/wp-json\/wp\/v2\/users\/1"}],"replies":[{"embeddable":true,"href":"https:\/\/cygycbiocon.com\/ca\/wp-json\/wp\/v2\/comments?post=718"}],"version-history":[{"count":7,"href":"https:\/\/cygycbiocon.com\/ca\/wp-json\/wp\/v2\/pages\/718\/revisions"}],"predecessor-version":[{"id":725,"href":"https:\/\/cygycbiocon.com\/ca\/wp-json\/wp\/v2\/pages\/718\/revisions\/725"}],"wp:attachment":[{"href":"https:\/\/cygycbiocon.com\/ca\/wp-json\/wp\/v2\/media?parent=718"}],"curies":[{"name":"wp","href":"https:\/\/api.w.org\/{rel}","templated":true}]}}